{"id":27,"date":"2016-09-09T13:38:08","date_gmt":"2016-09-09T16:38:08","guid":{"rendered":"http:\/\/auditoria.sites.uff.br\/?page_id=27"},"modified":"2026-04-14T14:49:45","modified_gmt":"2026-04-14T17:49:45","slug":"transparencia","status":"publish","type":"page","link":"http:\/\/auditoria.sites.uff.br\/?page_id=27","title":{"rendered":"Transpar\u00eancia"},"content":{"rendered":"<p>A Auditoria T\u00e9cnica disponibiliza para consulta os Planos Anuais de Auditoria Interna, os Relat\u00f3rios Anuais de Auditoria Interna, os Relat\u00f3rios de Auditoria e os Pareceres elaborados pela unidade.<\/p>\n<p><a href=\"http:\/\/auditoria.sites.uff.br\/wp-content\/uploads\/sites\/48\/2026\/04\/RA0032026___Dem._Fi-1.pdf\" data-wplink-edit=\"true\">RA-003-2026-Auditoria de Contas 2025-Demonstra\u00e7\u00f5es Financeiras 2025<\/a><\/p>\n<p><a href=\"http:\/\/auditoria.sites.uff.br\/wp-content\/uploads\/sites\/48\/2026\/04\/RA_002_2026_-_Parecer_RGI_2025_assinado.pdf\">RA-002-2026-Parecer de Auditoria Interna sobre a Presta\u00e7\u00e3o de Contas de 2025-RGI 2025<\/a><\/p>\n<p><a href=\"http:\/\/auditoria.sites.uff.br\/wp-content\/uploads\/sites\/48\/2026\/03\/RAINT_2025_Final_assinado_assinado_27.03.pdf\">Relat\u00f3rio Anual de Atividades de Auditoria Interna 2025 &#8211; RAINT 2025<\/a><\/p>\n<p><a href=\"http:\/\/auditoria.sites.uff.br\/wp-content\/uploads\/sites\/48\/2026\/03\/RA-no-001-2026-_-Superintendencia-de-Operacoes-e-Manutencao-SOMA.pdf\">RA_001-2026 &#8211; Relat\u00f3rio de Auditoria Superintend\u00eancia de Opera\u00e7\u00f5es e Manuten\u00e7\u00e3o &#8211; SOMA<\/a><\/p>\n<p><a href=\"http:\/\/auditoria.sites.uff.br\/wp-content\/uploads\/sites\/48\/2026\/02\/PAINT_2026_-_Final_assinado.pdf\">Plano Anual de Atividades de Auditoria Interna &#8211; PAINT 2026<\/a><\/p>\n<p><a href=\"http:\/\/auditoria.sites.uff.br\/wp-content\/uploads\/sites\/48\/2025\/11\/RA_11_2025_Monitoramento_recomendacoes_2025_assinado.pdf\">RA 011-2025 &#8211; PAINT 2025 &#8211; Monitoramento das recomenda\u00e7\u00f5es da AT\/CUR , CGU e TCU<\/a><\/p>\n<p><a href=\"http:\/\/auditoria.sites.uff.br\/wp-content\/uploads\/sites\/48\/2025\/11\/RA_010_2025___PROGRAD___CAEG_2025___F.pdf\">RA 010-2025 &#8211; Avalia\u00e7\u00e3o do Processo de acompanhamento e avalia\u00e7\u00e3o do ensino de gradua\u00e7\u00e3o<\/a><\/p>\n<p><a href=\"http:\/\/auditoria.sites.uff.br\/wp-content\/uploads\/sites\/48\/2025\/11\/RA_008_2025___PROGRAD_Cursos_EAD___Final_assinado_assinado_assinado_assinado.pdf\">RA 008-2025 &#8211; Avalia\u00e7\u00e3o do processo de oferta de cursos de gradua\u00e7\u00e3o na modalidade \u00e0 dist\u00e2ncia<\/a><\/p>\n<p><a href=\"http:\/\/auditoria.sites.uff.br\/wp-content\/uploads\/sites\/48\/2025\/10\/Relatorio_3022850_RA_0072025___PROPPI_Cursos_Lato_Sensu___Final_assinado_assinado.pdf\">RA 007_2025 &#8211; Avalia\u00e7\u00e3o do Processo de Oferta de Cursos de P\u00f3s-Gradua\u00e7\u00e3o Lato Sensu da UFF<\/a><\/p>\n<p><a href=\"http:\/\/auditoria.sites.uff.br\/wp-content\/uploads\/sites\/48\/2025\/11\/RA_006_2025___PDTIC___Final_assinado_assinado.pdf\">RA 006-2025 &#8211; Avalia\u00e7\u00e3o do processo de elabora\u00e7\u00e3o e monitoramento do PDTIC<\/a><\/p>\n<p><a href=\"http:\/\/auditoria.sites.uff.br\/wp-content\/uploads\/sites\/48\/2025\/10\/RA0052025___Dem._Financ._1_Sem._2025___Final_assinado.pdf\">RA 005-2025 &#8211; Avalia\u00e7\u00e3o Demonstra\u00e7\u00f5es Financeiras 1\u00ba semestre 2025<\/a><\/p>\n<p><a href=\"http:\/\/auditoria.sites.uff.br\/wp-content\/uploads\/sites\/48\/2025\/08\/RA-006-2024-Monitoramento-recomendacoes-1-semestre-2024.pdf\">RA 006-2024 &#8211; Monitoramento &#8211; Recomenda\u00e7\u00f5es 1\u00ba semestre 2024<\/a><\/p>\n<p><a href=\"http:\/\/auditoria.sites.uff.br\/wp-content\/uploads\/sites\/48\/2025\/08\/RA-005-2024-Avaliacao-Demonstracoes-Financeiras-1-semestre-2024.pdf\">RA 005-2024 &#8211; Avalia\u00e7\u00e3o Demonstra\u00e7\u00f5es Financeiras 1\u00ba semestre 2024<\/a><\/p>\n<p><a href=\"http:\/\/auditoria.sites.uff.br\/wp-content\/uploads\/sites\/48\/2025\/07\/RA-008-2023-Monitoramento-recomendacoes-2-semestre-2023.pdf\">RA 008-2023 &#8211; Monitoramento &#8211; Recomenda\u00e7\u00f5es 2\u00ba semestre 2023<\/a><\/p>\n<p><a href=\"http:\/\/auditoria.sites.uff.br\/wp-content\/uploads\/sites\/48\/2025\/07\/RA-007-2023-Avaliacao-Processo-de-Orcamento.pdf\">RA 007-2023 &#8211; Avalia\u00e7\u00e3o Processo de Or\u00e7amento<\/a><\/p>\n<p><a href=\"http:\/\/auditoria.sites.uff.br\/wp-content\/uploads\/sites\/48\/2025\/07\/RA-006-2023-Avaliacao-Demonstracoes-Financeiras-1-semestre-2023.pdf\">RA 006-2023 &#8211; Avalia\u00e7\u00e3o Demonstra\u00e7\u00f5es Financeiras 1\u00ba semestre 2023<\/a><\/p>\n<p><a href=\"http:\/\/auditoria.sites.uff.br\/wp-content\/uploads\/sites\/48\/2025\/07\/RA-005-2023-Monitoramento_recomendacoes-1-semestre-2023.pdf\">RA 005-2023 &#8211; Monitoramento &#8211; Recomenda\u00e7\u00f5es 1\u00ba semestre 2023<\/a><\/p>\n<p><a href=\"http:\/\/auditoria.sites.uff.br\/wp-content\/uploads\/sites\/48\/2025\/07\/RA-004-2023-Parecer-Prestacao-de-Contas-de-2022-antigo-002-2023.pdf\">RA 004-2023 &#8211; Parecer Presta\u00e7\u00e3o de Contas de 2022 antigo 002-2023<\/a><\/p>\n<p><a href=\"http:\/\/auditoria.sites.uff.br\/wp-content\/uploads\/sites\/48\/2025\/07\/RA-003-2023-Avaliacao-Processo-Arquivo-SDC.pdf\">RA 003-2023 &#8211; Avalia\u00e7\u00e3o Processo Arquivo SDC<\/a><\/p>\n<p><a href=\"http:\/\/auditoria.sites.uff.br\/wp-content\/uploads\/sites\/48\/2025\/07\/RA-002-2023-Infraestrutura-de-Seguranca-da-Informacao.pdf\">RA 002-2023 &#8211; Infraestrutura de Seguran\u00e7a da Informa\u00e7\u00e3o<\/a><\/p>\n<p><a href=\"http:\/\/auditoria.sites.uff.br\/wp-content\/uploads\/sites\/48\/2025\/07\/RA-001-2023-Demonstracoes-Financeiras-2022.pdf\">RA 001-2023 &#8211; Demonstra\u00e7\u00f5es Financeiras 2022<\/a><\/p>\n<p><a href=\"http:\/\/auditoria.sites.uff.br\/wp-content\/uploads\/sites\/48\/2025\/05\/Relatorio_2713007_RA_004_2025_DAP_PROGEPE_assinado_assinado_assinado.pdf\">RA_004_2025_DAP_PROGEPE_assinado_assinado_assinado<\/a><\/p>\n<p><a href=\"http:\/\/auditoria.sites.uff.br\/wp-content\/uploads\/sites\/48\/2025\/05\/Relatorio_2708970_RA_003_2025___PROAD_DGF___Definitivo_V.1_assinado_assinado-2.pdf\">RA_003_2025_PROAD_DGF_Definitivo_V.1_assinado<\/a>\u00a0<\/p>\n<p><a href=\"http:\/\/auditoria.sites.uff.br\/wp-content\/uploads\/sites\/48\/2025\/04\/RA_001_2025_-_Dem._Finan._2024_-_Final-23069.155895_2025-96.pdf\">RA_001_2025_-_Dem._Finan._2024_-_Final-23069.155895_2025-96<\/a><\/p>\n<p><a href=\"http:\/\/auditoria.sites.uff.br\/wp-content\/uploads\/sites\/48\/2025\/04\/RA_002_2025_-_Parecer_RGI_2024_assinado.pdf\">Parecer de Auditoria Interna &#8211; RA_002_2025_-_Parecer_RGI_2024_assinado.pdf<\/a><\/p>\n<p><a href=\"http:\/\/auditoria.sites.uff.br\/wp-content\/uploads\/sites\/48\/2025\/04\/RA_007_2024_-_COSEAC_Final_assinado-1-1.pdf\">Relat\u00f3rio de Auditoria n\u00ba 007-2024_-_COSEAC_Final_assinado-1-1pdf<\/a><\/p>\n<p><a href=\"http:\/\/auditoria.sites.uff.br\/wp-content\/uploads\/sites\/48\/2025\/03\/RAINT_2024_Final_assinado.pdf\">Relat\u00f3rio Anual de Auditoria Interna &#8211; RAINT 2024 &#8211; Final<\/a><\/p>\n<p><a href=\"http:\/\/auditoria.sites.uff.br\/wp-content\/uploads\/sites\/48\/2025\/01\/PAINT_2025_-_Final_assinado-2.pdf\">Plano Anual de Auditoria Interna &#8211; PAINT_2025_-_Final_assinado-2.pdf<\/a><\/p>\n<p><a href=\"http:\/\/auditoria.sites.uff.br\/wp-content\/uploads\/sites\/48\/2024\/09\/RA-no-004-2024-Alteracao-Valor-Refeicao-RU.pdf\">Relat\u00f3rio de Auditoria n\u00ba 004-2024 &#8211; RU &#8211; Altera\u00e7\u00e3o Valor Refei\u00e7\u00e3o.<\/a><\/p>\n<p><a href=\"http:\/\/auditoria.sites.uff.br\/wp-content\/uploads\/sites\/48\/2024\/09\/RA-no-003-2024-Normatizacao-Relacionamento-UFF-e-suas-Fundacoes-de-Apoio.pdf\">Relat\u00f3rio de Auditoria n\u00ba 003-2024 &#8211; Normatiza\u00e7\u00e3o Relacionamento UFF e suas Funda\u00e7\u00f5es de Apoio.<\/a><\/p>\n<p><a href=\"http:\/\/auditoria.sites.uff.br\/wp-content\/uploads\/sites\/48\/2024\/09\/RA-no-002-2024_-_Fiscalizacao_de_Obras_-_Final_assinado_assinado-1.pdf\">Relat\u00f3rio de Auditoria n\u00ba 002-2024 &#8211; Fiscaliza\u00e7\u00e3o de Obras.<\/a><\/p>\n<p><a href=\"http:\/\/auditoria.sites.uff.br\/wp-content\/uploads\/sites\/48\/2024\/09\/RA-no-001-2024-_-Demonstracoes-Financeiras-_-Exercicio-2023.pdf\">Relat\u00f3rio de Auditoria n\u00ba 001-2024 &#8211; Demonstra\u00e7\u00f5es Financeiras, Exerc\u00edcio 2023.<\/a><\/p>\n<p><a href=\"http:\/\/auditoria.sites.uff.br\/wp-content\/uploads\/sites\/48\/2024\/01\/PAINT-2024-Final-Aprovado-pelo-CUR.pdf\">Plano Anual de Atividades de Auditoria Interna, Exerc\u00edcio 2024.<\/a><\/p>\n<p><a href=\"http:\/\/auditoria.sites.uff.br\/wp-content\/uploads\/sites\/48\/2023\/03\/PAINT-2023-Final.pdf\">Plano Anual de Atividades de Auditoria Interna, Exerc\u00edcio 2023.<\/a><\/p>\n<p><a href=\"http:\/\/auditoria.sites.uff.br\/wp-content\/uploads\/sites\/48\/2022\/04\/PA-001-2022.pdf\">Parecer de Auditoria 001, Exerc\u00edcio 2022.\u00a0<\/a><\/p>\n<p><a href=\"http:\/\/auditoria.sites.uff.br\/wp-content\/uploads\/sites\/48\/2022\/02\/PAINT-2022.pdf\">Plano Anual de Atividades de Auditoria Interna, Exerc\u00edcio 2022.<\/a><\/p>\n<p><a href=\"http:\/\/auditoria.sites.uff.br\/wp-content\/uploads\/sites\/48\/2023\/04\/RAINT_2022_Final_assinado.pdf\">Relat\u00f3rio Anual de Atividades de Auditoria Interna, Exerc\u00edcio 2022.\u00a0<\/a><\/p>\n<p><a href=\"http:\/\/auditoria.sites.uff.br\/wp-content\/uploads\/sites\/48\/2021\/06\/PAINT-2021-10.12.2020.pdf\">Plano Anual de Atividades de Auditoria Interna, Exerc\u00edcio 2021.<\/a><\/p>\n<p><a href=\"http:\/\/auditoria.sites.uff.br\/wp-content\/uploads\/sites\/48\/2022\/04\/RAINT-2021.pdf\">Relat\u00f3rio Anual de Atividades de Auditoria Interna, Exerc\u00edcio 2021.\u00a0<\/a><\/p>\n<p><a href=\"http:\/\/auditoria.sites.uff.br\/wp-content\/uploads\/sites\/48\/2021\/06\/Copia_de_Resolucao_CUR_002_2021_-_PAINT_2021_assinado.pdf\">Resolu\u00e7\u00e3o CUR\/UFF N\u00ba 02 de 01 de Junho de 2021 <br \/>(disp\u00f5e sobre o Plano Anual de Atividades de Auditoria Interna &#8211; Exerc\u00edcio 2021).<\/a><\/p>\n<p><a href=\"http:\/\/auditoria.sites.uff.br\/wp-content\/uploads\/sites\/48\/2021\/06\/RAINT-2020-com-anexos.pdf\">Relat\u00f3rio Anual de Atividades de Auditoria Interna, Exerc\u00edcio 2020.<\/a><\/p>\n<p><a href=\"http:\/\/auditoria.sites.uff.br\/wp-content\/uploads\/sites\/48\/2021\/06\/Resolucao_CUR_001_2021_-_RAINT_2020_assinado.pdf\">Resolu\u00e7\u00e3o CUR\/UFF N\u00ba 01 de 01 de Junho de 2021<br \/>(disp\u00f5e sobre o Relat\u00f3rio Anual de Atividades de Auditoria Interna &#8211; Exerc\u00edcio 2020).<\/a><\/p>\n<p><a href=\"http:\/\/auditoria.sites.uff.br\/wp-content\/uploads\/sites\/48\/2021\/01\/PAINT-2020-Fev-2020.pdf\">Plano Anual de Atividades de Auditoria Interna, Exerc\u00edcio 2020.<\/a><\/p>\n<p><a href=\"http:\/\/auditoria.sites.uff.br\/wp-content\/uploads\/sites\/48\/2021\/07\/ATA-CUR-Aprova\u00e7\u00e3o-do-PAINT-2020.pdf\">Ata de Aprova\u00e7\u00e3o do PAINT 2020.\u00a0<\/a><\/p>\n<p><a href=\"http:\/\/auditoria.sites.uff.br\/wp-content\/uploads\/sites\/48\/2020\/11\/RAINT-2019.pdf\">Relat\u00f3rio Anual de Atividades de Auditoria Interna, Exerc\u00edcio 2019.<\/a><\/p>\n<p><a href=\"http:\/\/auditoria.sites.uff.br\/wp-content\/uploads\/sites\/48\/2019\/11\/PAINT-2019-final.pdf\">Plano Anual de Atividades de Auditoria Interna, Exerc\u00edcio 2019.<\/a><\/p>\n<p><a href=\"http:\/\/auditoria.sites.uff.br\/wp-content\/uploads\/sites\/48\/2019\/11\/RAINT-2018.pdf\">Relat\u00f3rio Anual de Atividades de Auditoria Interna, Exerc\u00edcio 2018.<\/a><\/p>\n<p><a href=\"http:\/\/auditoria.sites.uff.br\/wp-content\/uploads\/sites\/48\/2018\/01\/PAINT-2018.pdf\">Plano Anual de Atividades de Auditoria Interna, Exerc\u00edcio 2018.<\/a>\u00a0<a href=\"http:\/\/auditoria.sites.uff.br\/wp-content\/uploads\/sites\/48\/2018\/01\/ATA-CUR-12.12.2017.pdf\">(Aprova\u00e7\u00e3o do PAINT 2018).<\/a><\/p>\n<p><a href=\"http:\/\/auditoria.sites.uff.br\/?attachment_id=116\">Relat\u00f3rio Anual de Atividades de Auditoria Interna, Exerc\u00edcio 2017.<\/a>\u00a0(<a href=\"http:\/\/auditoria.sites.uff.br\/?attachment_id=115\">Anexo I<\/a>)<\/p>\n<p><a href=\"http:\/\/auditoria.sites.uff.br\/?attachment_id=83\">Relat\u00f3rio Anual de Atividades de Auditoria Interna, Exerc\u00edcio 2016.<\/a><\/p>\n<p><a href=\"http:\/\/auditoria.sites.uff.br\/wp-content\/uploads\/sites\/48\/2016\/09\/Paint-2017.pdf\">Plano Anual de Atividades de Auditoria Interna, Exerc\u00edcio 2017.<\/a><\/p>\n<p><a href=\"http:\/\/auditoria.sites.uff.br\/wp-content\/uploads\/sites\/48\/2016\/09\/RAINT2015-VF-29fev16.pdf\">Relat\u00f3rio Anual de Atividades de Auditoria Interna, Exerc\u00edcio 2015.<\/a><\/p>\n<p><a href=\"http:\/\/auditoria.sites.uff.br\/wp-content\/uploads\/sites\/48\/2016\/09\/PAINT-2016-digitalizado.pdf\">Plano Anual de Atividades de Auditoria Interna, Exerc\u00edcio 2016.<\/a><\/p>\n<p><a href=\"http:\/\/auditoria.sites.uff.br\/wp-content\/uploads\/sites\/48\/2016\/09\/Plano-anual-de-atividades-da-Auditoria-Interna-Exerc%C3%ADcio-2015.pdf\">Plano Anual de Atividades de Auditoria Interna, Exerc\u00edcio 2015.<\/a><\/p>\n\n\n<p><\/p>\n\n\n\n<div data-wp-interactive=\"core\/file\" class=\"wp-block-file\"><a href=\"http:\/\/auditoria.sites.uff.br\/wp-content\/uploads\/sites\/48\/2024\/04\/RAINT_2023_Preliminar_assinado-2.pdf\">RAINT_2023_Preliminar_assinado-2<\/a><a href=\"http:\/\/auditoria.sites.uff.br\/wp-content\/uploads\/sites\/48\/2024\/04\/RAINT_2023_Preliminar_assinado-2.pdf\" class=\"wp-block-file__button\" download>Relat\u00f3rio Anual de Atividades de Auditoria Interna &#8211; 2023<\/a><\/div>\n\n\n\n<ul class=\"wp-block-list\">\n<li><\/li>\n<\/ul>\n\n\n\n<p><\/p>\n\n\n\n\n\n<h2 class=\"wp-block-heading\"><strong>Presta\u00e7\u00e3o de Contas<\/strong><\/h2>\n\n\n\n<p><strong>2021<\/strong><\/p>\n\n\n\n<p><a href=\"http:\/\/auditoria.sites.uff.br\/wp-content\/uploads\/sites\/48\/2021\/06\/Parecer-01.2021-Contas-2020.pdf\">Parecer de Contas 001\/2021.<\/a><\/p>\n\n\n\n<p><strong>A Universidade Federal Fluminense n\u00e3o foi selecionada pelo TCU para prestar contas, conforme a Decis\u00e3o Normativa TCU 188\/2020.<\/strong><\/p>\n\n\n\n<p><em><a href=\"http:\/\/auditoria.sites.uff.br\/wp-content\/uploads\/sites\/48\/2022\/03\/DN-188-2020.pdf\"><strong>Decis\u00e3o Normativa 188\/2020<\/strong> &#8211; Define as unidades prestadoras de contas que ter\u00e3o processo de presta\u00e7\u00e3o de contas do exerc\u00edcio de 2020 formalizado para julgamento das contas dos respons\u00e1veis. <\/a><\/em><\/p>\n\n\n\n<p><strong>2020<\/strong><\/p>\n\n\n\n<p><a href=\"http:\/\/auditoria.sites.uff.br\/wp-content\/uploads\/sites\/48\/2021\/06\/RA-n\u00ba-005.2020-RA-final-aprovado-assinado.pdf\">Relat\u00f3rio de Auditoria 005\/2020.<\/a><\/p>\n\n\n\n<p><strong>A Universidade Federal Fluminense n\u00e3o foi selecionada pelo TCU para prestar contas, conforme a Decis\u00e3o Normativa TCU 188\/2020.<\/strong> <\/p>\n\n\n\n<p><em><a href=\"http:\/\/auditoria.sites.uff.br\/wp-content\/uploads\/sites\/48\/2022\/03\/DN-188-2020.pdf\"><strong>Decis\u00e3o Normativa 188\/2020<\/strong> &#8211; Define as unidades prestadoras de contas que ter\u00e3o processo de presta\u00e7\u00e3o de contas do exerc\u00edcio de 2020 formalizado para julgamento das contas dos respons\u00e1veis. <\/a><\/em> <\/p>\n\n\n\n<p><strong>2019<\/strong><\/p>\n\n\n\n<p><strong>A Universidade Federal Fluminense n\u00e3o foi selecionada pelo TCU para prestar contas, conforme a Decis\u00e3o Normativa TCU 180\/2019.<\/strong> <\/p>\n\n\n\n<p><a href=\"http:\/\/auditoria.sites.uff.br\/wp-content\/uploads\/sites\/48\/2022\/03\/DN_180_2019.pdf\"><em><strong>Decis\u00e3o Normativa 180\/2019<\/strong> &#8211; Disp\u00f5e sobre a rela\u00e7\u00e3o das unidades prestadoras de contas cujos respons\u00e1veis ter\u00e3o as contas de 2019 julgadas pelo Tribunal.<\/em><\/a><\/p>\n\n\n\n<p><strong>2017<\/strong><\/p>\n\n\n\n<p><strong>A Universidade Federal Fluminense n\u00e3o foi selecionada pelo TCU para prestar contas, conforme a Decis\u00e3o Normativa TCU 163\/2017.<\/strong> <\/p>\n\n\n\n<p><em><a href=\"http:\/\/auditoria.sites.uff.br\/wp-content\/uploads\/sites\/48\/2022\/03\/DN-TCU-163-2017.pdf\"><strong>Decis\u00e3o Normativa 163\/2017<\/strong> &#8211; Disp\u00f5e sobre a rela\u00e7\u00e3o das unidades prestadoras de contas cujos respons\u00e1veis ter\u00e3o as contas de 2017 julgadas pelo Tribunal. <\/a><\/em><\/p>\n\n\n\n<p><strong>2015<\/strong><\/p>\n\n\n\n<p><strong>A Universidade Federal Fluminense n\u00e3o foi selecionada pelo TCU para prestar contas, conforme a Decis\u00e3o Normativa TCU 147\/2015.<\/strong> <\/p>\n\n\n\n<p><a href=\"http:\/\/auditoria.sites.uff.br\/wp-content\/uploads\/sites\/48\/2022\/03\/Decis\u00e3o-Normativa-TCU-147_2015.pdf\"><em><strong>Decis\u00e3o Normativa 147\/2015<\/strong> &#8211; Disp\u00f5e sobre a rela\u00e7\u00e3o das unidades prestadoras de contas cujos respons\u00e1veis ter\u00e3o as contas de 2015 julgadas pelo Tribunal. <\/em> <\/a><\/p>\n\n\n\n<p><strong>2014<\/strong><\/p>\n\n\n\n<p><strong>A Universidade Federal Fluminense n\u00e3o foi selecionada pelo TCU para prestar contas, conforme a Decis\u00e3o Normativa TCU 140\/2014.<\/strong> <\/p>\n\n\n\n<p><a href=\"http:\/\/auditoria.sites.uff.br\/wp-content\/uploads\/sites\/48\/2022\/03\/DNT2014-140.pdf\"><em><strong>Decis\u00e3o Normativa 140\/2014<\/strong> &#8211; Disp\u00f5e sobre a rela\u00e7\u00e3o das unidades prestadoras de contas cujos respons\u00e1veis ter\u00e3o as contas de 2014 julgadas pelo Tribunal.<\/em><\/a><\/p>\n\n\n\n<h2 class=\"wp-block-heading\"><strong>Relat\u00f3rios de Auditoria<\/strong><\/h2>\n\n\n\n<p style=\"font-size:22px\"> 2022<\/p>\n\n\n\n<p><a href=\"http:\/\/auditoria.sites.uff.br\/wp-content\/uploads\/sites\/48\/2023\/01\/RA-001-2022-Final.pdf\">Relat\u00f3rio de Auditoria 01\/2022 &#8211; Auditoria de Contas &#8211; Demonstra\u00e7\u00f5es Financeiras<\/a> <\/p>\n\n\n\n<p><a href=\"http:\/\/auditoria.sites.uff.br\/wp-content\/uploads\/sites\/48\/2023\/01\/RA_002_2022_Final-assinado.pdf\">Relat\u00f3rio de Auditoria 02\/2022 &#8211; Auditoria de Contas &#8211; Demonstra\u00e7\u00f5es Financeiras<\/a><\/p>\n\n\n\n<p><a href=\"http:\/\/auditoria.sites.uff.br\/wp-content\/uploads\/sites\/48\/2023\/01\/RA032022_Final.docx_assinado_assinado_29_assinado_assinado.pdf\">Relat\u00f3rio de Auditoria 03\/2022 &#8211; Avalia\u00e7\u00e3o da Efetividade dos Programas e Projetos de Extens\u00e3o da PROEX<\/a><\/p>\n\n\n\n<p><a href=\"http:\/\/auditoria.sites.uff.br\/wp-content\/uploads\/sites\/48\/2023\/01\/Relatorio_de_Auditoria_004.2022-Definitivo-1.pdf\">Relat\u00f3rio de Auditoria 04\/2022 &#8211; Avalia\u00e7\u00e3o do Programa de Assist\u00eancia Estudantil da PROAES<\/a><\/p>\n\n\n\n<p><a href=\"http:\/\/auditoria.sites.uff.br\/wp-content\/uploads\/sites\/48\/2023\/01\/RA052022-Final-2.pdf\">Relat\u00f3rio de Auditoria 05\/2022 &#8211; Consultoria ao CUR e \u00e0 Alta Administra\u00e7\u00e3o<\/a><\/p>\n\n\n\n<p><a href=\"http:\/\/auditoria.sites.uff.br\/wp-content\/uploads\/sites\/48\/2023\/01\/RA-006-2022-Final.pdf\">Relat\u00f3rio de Auditoria 06\/2022 &#8211; Avalia\u00e7\u00e3o Operacional do HUVET<\/a><\/p>\n\n\n\n<p><a href=\"http:\/\/auditoria.sites.uff.br\/wp-content\/uploads\/sites\/48\/2023\/01\/RA_007_2022_Relatorio_Final_Governanca_nas_Contratacoes.pdf\">Relat\u00f3rio de Auditoria 07\/2022 &#8211; Avalia\u00e7\u00e3o da Governan\u00e7a, Riscos e Controle Preventivo nas Contrata\u00e7\u00f5es<\/a><\/p>\n\n\n\n<p><a href=\"http:\/\/auditoria.sites.uff.br\/wp-content\/uploads\/sites\/48\/2023\/01\/RA_0082022_Relatorio_de_Monitoramento_2022_assinado.pdf\">Relat\u00f3rio de Auditoria 08\/2022 &#8211; Monitoramento das Recomenda\u00e7\u00f5es<\/a>                   <\/p>\n\n\n\n<h3 class=\"wp-block-heading\">2021 <\/h3>\n\n\n\n<p><a href=\"http:\/\/auditoria.sites.uff.br\/wp-content\/uploads\/sites\/48\/2022\/04\/RA012021-vers\u00e3o-final.pdf\">Relat\u00f3rio de Auditoria 01\/2021 &#8211; Integraliza\u00e7\u00e3o Curricular de Extens\u00e3o<\/a><\/p>\n\n\n\n<p><a href=\"http:\/\/auditoria.sites.uff.br\/wp-content\/uploads\/sites\/48\/2022\/04\/RA022021-Vers\u00e3o-final.pdf\">Relat\u00f3rio de Auditoria 02\/2021 &#8211; Avalia\u00e7\u00e3o das Demonstra\u00e7\u00f5es Cont\u00e1beis 2020.2 <\/a><\/p>\n\n\n\n<p><a href=\"http:\/\/auditoria.sites.uff.br\/wp-content\/uploads\/sites\/48\/2022\/04\/Relat\u00f3rio-032021-vers\u00e3o-final.pdf\">Relat\u00f3rio de Auditoria 03\/2021 &#8211; Processo de An\u00e1lise e Elabora\u00e7\u00e3o das<br>Demonstra\u00e7\u00f5es Cont\u00e1beis no DCF <\/a><\/p>\n\n\n\n<p><a href=\"http:\/\/auditoria.sites.uff.br\/wp-content\/uploads\/sites\/48\/2022\/04\/RA-004.2021-DC-1\u00baSem.2021-Final.pdf\">Relat\u00f3rio de Auditoria 04\/2021 &#8211; Avalia\u00e7\u00e3o das Demonstra\u00e7\u00f5es Cont\u00e1beis 2021.1<\/a><\/p>\n\n\n\n<p><a href=\"http:\/\/auditoria.sites.uff.br\/wp-content\/uploads\/sites\/48\/2022\/04\/Relat\u00f3rio-de-Auditoria-005.2021-1.pdf\">Relat\u00f3rio de Auditoria 05\/2021 &#8211; Licita\u00e7\u00f5es<\/a><\/p>\n\n\n\n<p><a href=\"https:\/\/www.uff.br\/sites\/default\/files\/paginas-internas-orgaos\/rg2021_20220222_aprovado_cuv.pdf\">Relat\u00f3rio de Gest\u00e3o Integrado 2021<\/a><\/p>\n\n\n\n<h3 class=\"wp-block-heading\">2020<\/h3>\n\n\n\n<p><a href=\"http:\/\/auditoria.sites.uff.br\/wp-content\/uploads\/sites\/48\/2022\/04\/RA-n\u00ba-001.2020-Gest\u00e3o-de-Riscos.pdf\">Relat\u00f3rio de Auditoria 01\/2020 &#8211; Gest\u00e3o de Riscos <\/a><\/p>\n\n\n\n<p><a href=\"http:\/\/auditoria.sites.uff.br\/wp-content\/uploads\/sites\/48\/2022\/04\/RA-n\u00ba-002.2020-Progress\u00e3o-docente.pdf\">Relat\u00f3rio de Auditoria 02\/2020 &#8211; Progress\u00e3o Docente<\/a><\/p>\n\n\n\n<p><a href=\"http:\/\/auditoria.sites.uff.br\/wp-content\/uploads\/sites\/48\/2022\/04\/RA-n\u00ba-003.2020-Demonstra\u00e7\u00f5es-Cont\u00e1beis-2\u00ba-Sem.2019.pdf\">Relat\u00f3rio de Auditoria 03\/2020 &#8211; Avalia\u00e7\u00e3o das Demonstra\u00e7\u00f5es Cont\u00e1beis 2019.2 <\/a><\/p>\n\n\n\n<p><a href=\"http:\/\/auditoria.sites.uff.br\/wp-content\/uploads\/sites\/48\/2022\/04\/RA-n\u00ba-004.2020-Concession\u00e1rias-de-Servi\u00e7o-P\u00fablico.pdf\">Relat\u00f3rio de Auditoria 04\/2020 &#8211; Concession\u00e1rias de Servi\u00e7o P\u00fablico <\/a> <\/p>\n\n\n\n<p><a href=\"http:\/\/auditoria.sites.uff.br\/wp-content\/uploads\/sites\/48\/2022\/04\/RA-n\u00ba-005.2020-Demonstra\u00e7\u00f5es-Cont\u00e1beis-1\u00ba-Sem.2020.pdf\">Relat\u00f3rio de Auditoria 05\/2020 &#8211; Avalia\u00e7\u00e3o das Demonstra\u00e7\u00f5es Cont\u00e1beis 2020.1<\/a><\/p>\n\n\n\n<p style=\"font-size:28px\"><strong>Programa de Gest\u00e3o<\/strong><\/p>\n\n\n\n<p><a href=\"http:\/\/auditoria.sites.uff.br\/wp-content\/uploads\/sites\/48\/2023\/01\/Edital_Resultado_Programa_de_Gestao_2023_assinado.pdf\">Resultado do Programa de Gest\u00e3o (2023)<\/a><\/p>\n\n\n\n<p><a href=\"http:\/\/auditoria.sites.uff.br\/wp-content\/uploads\/sites\/48\/2023\/01\/Edital_Resultado_Programa_de_Gestao_2023_retificacao_assinado-1.pdf\">Resultado do Programa de Gest\u00e3o (2023) &#8211; Retifica\u00e7\u00e3o<\/a><\/p>\n\n\n\n<h2 class=\"wp-block-heading\">Regimento Interno<\/h2>\n\n\n\n<p><a href=\"http:\/\/auditoria.sites.uff.br\/wp-content\/uploads\/sites\/48\/2023\/06\/Regimento-Interno-da-Auditoria-Tecnica-UFF-2009.pdf\">Regimento Interno<\/a><\/p>\n\n\n\n<div data-wp-interactive=\"core\/file\" class=\"wp-block-file\"><a href=\"http:\/\/auditoria.sites.uff.br\/wp-content\/uploads\/sites\/48\/2024\/04\/RAINT_2023_Preliminar_assinado-1.pdf\">RAINT_2023_Preliminar_assinado-1<\/a><a href=\"http:\/\/auditoria.sites.uff.br\/wp-content\/uploads\/sites\/48\/2024\/04\/RAINT_2023_Preliminar_assinado-1.pdf\" class=\"wp-block-file__button\" download>RAINT 2023<\/a><\/div>\n","protected":false},"excerpt":{"rendered":"<p>A Auditoria T\u00e9cnica disponibiliza para consulta os Planos Anuais de Auditoria Interna, os Relat\u00f3rios Anuais de Auditoria Interna, os Relat\u00f3rios de Auditoria e os Pareceres elaborados pela unidade. RA-003-2026-Auditoria de Contas 2025-Demonstra\u00e7\u00f5es Financeiras 2025 RA-002-2026-Parecer de Auditoria Interna sobre a Presta\u00e7\u00e3o de Contas de 2025-RGI 2025 Relat\u00f3rio Anual de Atividades de Auditoria Interna 2025 &#8211; [&hellip;]<\/p>\n","protected":false},"author":42,"featured_media":0,"parent":0,"menu_order":0,"comment_status":"closed","ping_status":"closed","template":"","meta":{"_exactmetrics_skip_tracking":false,"_exactmetrics_sitenote_active":false,"_exactmetrics_sitenote_note":"","_exactmetrics_sitenote_category":0,"footnotes":""},"categories":[],"tags":[],"class_list":["post-27","page","type-page","status-publish","hentry"],"_links":{"self":[{"href":"http:\/\/auditoria.sites.uff.br\/index.php?rest_route=\/wp\/v2\/pages\/27","targetHints":{"allow":["GET"]}}],"collection":[{"href":"http:\/\/auditoria.sites.uff.br\/index.php?rest_route=\/wp\/v2\/pages"}],"about":[{"href":"http:\/\/auditoria.sites.uff.br\/index.php?rest_route=\/wp\/v2\/types\/page"}],"author":[{"embeddable":true,"href":"http:\/\/auditoria.sites.uff.br\/index.php?rest_route=\/wp\/v2\/users\/42"}],"replies":[{"embeddable":true,"href":"http:\/\/auditoria.sites.uff.br\/index.php?rest_route=%2Fwp%2Fv2%2Fcomments&post=27"}],"version-history":[{"count":142,"href":"http:\/\/auditoria.sites.uff.br\/index.php?rest_route=\/wp\/v2\/pages\/27\/revisions"}],"predecessor-version":[{"id":554,"href":"http:\/\/auditoria.sites.uff.br\/index.php?rest_route=\/wp\/v2\/pages\/27\/revisions\/554"}],"wp:attachment":[{"href":"http:\/\/auditoria.sites.uff.br\/index.php?rest_route=%2Fwp%2Fv2%2Fmedia&parent=27"}],"wp:term":[{"taxonomy":"category","embeddable":true,"href":"http:\/\/auditoria.sites.uff.br\/index.php?rest_route=%2Fwp%2Fv2%2Fcategories&post=27"},{"taxonomy":"post_tag","embeddable":true,"href":"http:\/\/auditoria.sites.uff.br\/index.php?rest_route=%2Fwp%2Fv2%2Ftags&post=27"}],"curies":[{"name":"wp","href":"https:\/\/api.w.org\/{rel}","templated":true}]}}